{"id":1080,"date":"2014-12-16T13:42:17","date_gmt":"2014-12-16T11:42:17","guid":{"rendered":"http:\/\/mehrenergie.ch\/wordpress\/?page_id=1080"},"modified":"2024-10-21T10:44:22","modified_gmt":"2024-10-21T08:44:22","slug":"yoga-wochenende-in-flims","status":"publish","type":"page","link":"https:\/\/www.mehrenergie.ch\/index.php\/yoga-wochenende-in-flims\/","title":{"rendered":"Yoga-Ferienwoche in Flims"},"content":{"rendered":"<h6><span style=\"color: #800000;\"><em>Wer Yoga \u00fcbt, entfernt das Unkraut aus dem K\u00f6rper, so dass der Garten der Seele wachsen kann<\/em><\/span><\/h6>\n<p><strong>In dieser Yogawoche lade ich Dich ein, mit einer achtsamen Yogapraxis, Dich von Stress zu l\u00f6sen und der Essenz Deines Herzens und Deinem K\u00f6rper zu lauschen. Lass es Dir gut gehen mit diesem Retraet. Diese Woche verbindet verk\u00f6rpertes Herz-Yoga und Freizeit auf harmonsiche Weise miteinander. <\/strong><\/p>\n<p><strong><a href=\"\/wp-content\/uploads\/2014\/12\/Bild-1.jpg\"><img loading=\"lazy\" decoding=\"async\" width=\"150\" height=\"150\" class=\"alignleft wp-image-1255 size-thumbnail\" src=\"https:\/\/www.mehrenergie.ch\/wp-content\/uploads\/2014\/12\/Bild-1-150x150.jpg\" alt=\"Bild 1\" srcset=\"https:\/\/www.mehrenergie.ch\/wp-content\/uploads\/2014\/12\/Bild-1-150x150.jpg 150w, https:\/\/www.mehrenergie.ch\/wp-content\/uploads\/2014\/12\/Bild-1-71x71.jpg 71w, https:\/\/www.mehrenergie.ch\/wp-content\/uploads\/2014\/12\/Bild-1-154x154.jpg 154w, https:\/\/www.mehrenergie.ch\/wp-content\/uploads\/2014\/12\/Bild-1-125x125.jpg 125w\" sizes=\"auto, (max-width: 150px) 100vw, 150px\" \/><\/a>Das Romantik Hotel Schweizerhof, bietet alles was das Herz begehrt: Einen wundersch\u00f6nen Yogaraum, sehr sch\u00f6ne Einzel- und Doppelzimmer, ein Hallenbad und Sauna mit Zugang zu einem herrlichen Garten zum Verweilen.<\/strong><\/p>\n<p>Nach dem morgendlichen Yoga geniessen wir ein reiches Fr\u00fchst\u00fcck und abends ein feines Nachtessen, bei sch\u00f6nem Wetter, auf der grossen Veranda mit Blick in die imposante Berglandschaft. In der freien Zeit stehen viele Spazier- und Wanderwege in der traumhaft sch\u00f6nen Natur offen. Der t\u00fcrkisgr\u00fcne Gaumasee l\u00e4dt dich zu sommerlichen Badefreuden und dem Nichts Tun ein.<\/p>\n<p>Das Kursprogramm beinhaltet von 07.45 &#8211; 10.15 Uhr Meditation, ein achtsames Hatha-Yoga mit Atem- und K\u00f6rper\u00fcbungen (Pranayama und Asanas). Um 17.30 Uhr &#8211; 18.30 Uhr treffen wir uns nochmals f\u00fcr Yoga, Herzreisen und Tanz (teilnahme freiweillig). Dazwischen bleibt viel Zeit f\u00fcr Deine individuelle Feriengestaltung. Siehe unten Blick in den Yoga-Raum!<\/p>\n<p><a href=\"\/wp-content\/uploads\/2015\/08\/IMG_4455.jpg\"><img loading=\"lazy\" decoding=\"async\" width=\"1024\" height=\"768\" class=\"alignleft wp-image-1823 size-large\" src=\"https:\/\/www.mehrenergie.ch\/wp-content\/uploads\/2015\/08\/IMG_4455-1024x768.jpg\" alt=\"IMG_4455\" srcset=\"https:\/\/www.mehrenergie.ch\/wp-content\/uploads\/2015\/08\/IMG_4455-1024x768.jpg 1024w, https:\/\/www.mehrenergie.ch\/wp-content\/uploads\/2015\/08\/IMG_4455-300x225.jpg 300w, https:\/\/www.mehrenergie.ch\/wp-content\/uploads\/2015\/08\/IMG_4455-601x450.jpg 601w, https:\/\/www.mehrenergie.ch\/wp-content\/uploads\/2015\/08\/IMG_4455-606x454.jpg 606w, https:\/\/www.mehrenergie.ch\/wp-content\/uploads\/2015\/08\/IMG_4455-960x720.jpg 960w\" sizes=\"auto, (max-width: 1024px) 100vw, 1024px\" \/><\/a><\/p>\n<table style=\"height: 32px;\" width=\"16\">\n<tbody>\n<tr>\n<td>8.00Uhr\u00a0\u00a0 Meditation<\/td>\n<td>kurze Pause<\/td>\n<\/tr>\n<tr>\n<td colspan=\"2\">\u00a08.30 Uhr-10.15 Uhr\u00a0 Yoga<\/td>\n<\/tr>\n<tr>\n<td colspan=\"2\">\u00a0Fr\u00fchst\u00fcck und viel Freizeit<\/td>\n<\/tr>\n<tr>\n<td colspan=\"2\">\u00a017.30 Uhr &#8211; 18.30 Uhr Yoga\/ Tanz\u00a0 &amp;\u00a0 Herzensweisheit\u00a0 19.00 Uhr gemeinsames Nachtessen21.00 Uhr Yoga Nidra<\/td>\n<\/tr>\n<\/tbody>\n<\/table>\n<p><strong>\u00a0<\/strong><\/p>\n<p><strong>Blick in den grossz\u00fcgigen Gruppenraum des Romantik Hotels Schweizerhof in Flims \u00a0\u00a0\u00a0\u00a0\u00a0 \u00a0 <a href=\"http\/\/www.schweizerhof-flims.ch\/de\/home\">http:\/\/www.schweizerhof-flims.ch\/de\/home<\/a><\/strong><\/p>\n<p><a href=\"\/wp-content\/uploads\/2014\/12\/Bild1.jpg\"><img loading=\"lazy\" decoding=\"async\" width=\"1024\" height=\"683\" class=\"alignleft wp-image-1254 size-full\" src=\"https:\/\/www.mehrenergie.ch\/wp-content\/uploads\/2014\/12\/Bild1.jpg\" alt=\"Bild\" srcset=\"https:\/\/www.mehrenergie.ch\/wp-content\/uploads\/2014\/12\/Bild1.jpg 1024w, https:\/\/www.mehrenergie.ch\/wp-content\/uploads\/2014\/12\/Bild1-300x200.jpg 300w, https:\/\/www.mehrenergie.ch\/wp-content\/uploads\/2014\/12\/Bild1-412x276.jpg 412w, https:\/\/www.mehrenergie.ch\/wp-content\/uploads\/2014\/12\/Bild1-601x400.jpg 601w, https:\/\/www.mehrenergie.ch\/wp-content\/uploads\/2014\/12\/Bild1-606x404.jpg 606w, https:\/\/www.mehrenergie.ch\/wp-content\/uploads\/2014\/12\/Bild1-960x640.jpg 960w\" sizes=\"auto, (max-width: 1024px) 100vw, 1024px\" \/><\/a><\/p>\n<p>Viele wundersch\u00f6ne Berggipfel sind mit der Sesselbahn oder mit Wanderschuhen und eigener Kraft zu erklimmen. Ein H\u00f6hepunkt dieser Woche ist sicherlich der Unesco Welterbe-Wasserweg.<\/p>\n<p><a href=\"\/wp-content\/uploads\/2015\/08\/IMG_4631.jpg\"><img loading=\"lazy\" decoding=\"async\" width=\"150\" height=\"150\" class=\"alignleft wp-image-1825 size-thumbnail\" src=\"https:\/\/www.mehrenergie.ch\/wp-content\/uploads\/2015\/08\/IMG_4631-150x150.jpg\" alt=\"IMG_4631\" srcset=\"https:\/\/www.mehrenergie.ch\/wp-content\/uploads\/2015\/08\/IMG_4631-150x150.jpg 150w, https:\/\/www.mehrenergie.ch\/wp-content\/uploads\/2015\/08\/IMG_4631-71x71.jpg 71w, https:\/\/www.mehrenergie.ch\/wp-content\/uploads\/2015\/08\/IMG_4631-154x154.jpg 154w, https:\/\/www.mehrenergie.ch\/wp-content\/uploads\/2015\/08\/IMG_4631-125x125.jpg 125w\" sizes=\"auto, (max-width: 150px) 100vw, 150px\" \/><\/a>\u00a0 Wasserweg Flims<\/p>\n<p><a href=\"\/wp-content\/uploads\/2015\/08\/IMG_4400.jpg\"><img loading=\"lazy\" decoding=\"async\" width=\"150\" height=\"150\" class=\"alignleft wp-image-1827 size-thumbnail\" src=\"https:\/\/www.mehrenergie.ch\/wp-content\/uploads\/2015\/08\/IMG_4400-150x150.jpg\" alt=\"IMG_4400\" srcset=\"https:\/\/www.mehrenergie.ch\/wp-content\/uploads\/2015\/08\/IMG_4400-150x150.jpg 150w, https:\/\/www.mehrenergie.ch\/wp-content\/uploads\/2015\/08\/IMG_4400-71x71.jpg 71w, https:\/\/www.mehrenergie.ch\/wp-content\/uploads\/2015\/08\/IMG_4400-154x154.jpg 154w, https:\/\/www.mehrenergie.ch\/wp-content\/uploads\/2015\/08\/IMG_4400-125x125.jpg 125w\" sizes=\"auto, (max-width: 150px) 100vw, 150px\" \/><\/a><\/p>\n<p><a href=\"\/wp-content\/uploads\/2015\/08\/IMG_4469.jpg\"><img loading=\"lazy\" decoding=\"async\" width=\"150\" height=\"150\" class=\"alignleft wp-image-1826 size-thumbnail\" src=\"https:\/\/www.mehrenergie.ch\/wp-content\/uploads\/2015\/08\/IMG_4469-150x150.jpg\" alt=\"IMG_4469\" srcset=\"https:\/\/www.mehrenergie.ch\/wp-content\/uploads\/2015\/08\/IMG_4469-150x150.jpg 150w, https:\/\/www.mehrenergie.ch\/wp-content\/uploads\/2015\/08\/IMG_4469-71x71.jpg 71w, https:\/\/www.mehrenergie.ch\/wp-content\/uploads\/2015\/08\/IMG_4469-154x154.jpg 154w, https:\/\/www.mehrenergie.ch\/wp-content\/uploads\/2015\/08\/IMG_4469-125x125.jpg 125w\" sizes=\"auto, (max-width: 150px) 100vw, 150px\" \/><\/a> Der Gaumasee l\u00e4dt zum Baden ein<\/p>\n<p><a href=\"\/wp-content\/uploads\/2014\/10\/IMG_3302.jpg\"><img loading=\"lazy\" decoding=\"async\" width=\"300\" height=\"224\" class=\"alignleft wp-image-871 size-medium\" src=\"https:\/\/www.mehrenergie.ch\/wp-content\/uploads\/2014\/10\/IMG_3302-300x224.jpg\" alt=\"IMG_3302\" srcset=\"https:\/\/www.mehrenergie.ch\/wp-content\/uploads\/2014\/10\/IMG_3302-300x224.jpg 300w, https:\/\/www.mehrenergie.ch\/wp-content\/uploads\/2014\/10\/IMG_3302-1024x764.jpg 1024w, https:\/\/www.mehrenergie.ch\/wp-content\/uploads\/2014\/10\/IMG_3302-601x448.jpg 601w, https:\/\/www.mehrenergie.ch\/wp-content\/uploads\/2014\/10\/IMG_3302-606x452.jpg 606w, https:\/\/www.mehrenergie.ch\/wp-content\/uploads\/2014\/10\/IMG_3302-960x717.jpg 960w\" sizes=\"auto, (max-width: 300px) 100vw, 300px\" \/><\/a><\/p>\n<p>Stille und Natur, Geselligkeit und R\u00fcckzug, Faulenzen und aktiv sein, Gespr\u00e4che und Ruhe &#8211; alles hat Platz.<\/p>\n<p>Ich freue mich auf die gemeinsame Woche!\u00a0 Antonia<\/p>\n<p><a href=\"\/wp-content\/uploads\/2014\/10\/IMG_4529.jpg\"><img loading=\"lazy\" decoding=\"async\" width=\"150\" height=\"150\" class=\"alignleft wp-image-1848 size-thumbnail\" src=\"https:\/\/www.mehrenergie.ch\/wp-content\/uploads\/2014\/10\/IMG_4529-150x150.jpg\" alt=\"IMG_4529\" srcset=\"https:\/\/www.mehrenergie.ch\/wp-content\/uploads\/2014\/10\/IMG_4529-150x150.jpg 150w, https:\/\/www.mehrenergie.ch\/wp-content\/uploads\/2014\/10\/IMG_4529-71x71.jpg 71w, https:\/\/www.mehrenergie.ch\/wp-content\/uploads\/2014\/10\/IMG_4529-154x154.jpg 154w, https:\/\/www.mehrenergie.ch\/wp-content\/uploads\/2014\/10\/IMG_4529-125x125.jpg 125w\" sizes=\"auto, (max-width: 150px) 100vw, 150px\" \/><\/a>\u00a0 Genussvolles Fr\u00fchst\u00fccken auf der Veranda<\/p>\n<p><a href=\"\/wp-content\/uploads\/2014\/12\/Bild-2.jpg\"><img loading=\"lazy\" decoding=\"async\" width=\"300\" height=\"235\" class=\"alignleft wp-image-1256 size-medium\" src=\"https:\/\/www.mehrenergie.ch\/wp-content\/uploads\/2014\/12\/Bild-2-300x235.jpg\" alt=\"Bild 2\" srcset=\"https:\/\/www.mehrenergie.ch\/wp-content\/uploads\/2014\/12\/Bild-2-300x235.jpg 300w, https:\/\/www.mehrenergie.ch\/wp-content\/uploads\/2014\/12\/Bild-2-601x472.jpg 601w, https:\/\/www.mehrenergie.ch\/wp-content\/uploads\/2014\/12\/Bild-2-606x476.jpg 606w, https:\/\/www.mehrenergie.ch\/wp-content\/uploads\/2014\/12\/Bild-2-960x754.jpg 960w, https:\/\/www.mehrenergie.ch\/wp-content\/uploads\/2014\/12\/Bild-2.jpg 977w\" sizes=\"auto, (max-width: 300px) 100vw, 300px\" \/><\/a>\u00a0 An ruhiger Lage mit Blick auf die Berge<\/p>\n","protected":false},"excerpt":{"rendered":"<p>Wer Yoga \u00fcbt, entfernt das Unkraut aus dem K\u00f6rper, so dass der Garten der Seele wachsen kann In dieser Yogawoche lade ich Dich ein, mit einer achtsamen Yogapraxis, Dich von&#8230;<\/p>\n","protected":false},"author":1,"featured_media":0,"parent":0,"menu_order":0,"comment_status":"closed","ping_status":"closed","template":"","meta":{"footnotes":""},"class_list":["post-1080","page","type-page","status-publish","hentry"],"yoast_head":"<!-- This site is optimized with the Yoast SEO plugin v27.4 - https:\/\/yoast.com\/product\/yoast-seo-wordpress\/ -->\n<title>Yoga Ferienwoche Flims | Intensives Wochenende | Antonia Somm<\/title>\n<meta name=\"description\" content=\"Tauchen Sie ein in ein intensives Yoga-Wochenende in Flims. Tiefe Entspannung und Selbsterkenntnis in idyllischer Umgebung. mehrenergie\" \/>\n<meta name=\"robots\" content=\"index, follow, max-snippet:-1, max-image-preview:large, max-video-preview:-1\" \/>\n<link rel=\"canonical\" href=\"https:\/\/www.mehrenergie.ch\/index.php\/yoga-wochenende-in-flims\/\" \/>\n<meta property=\"og:locale\" content=\"de_DE\" \/>\n<meta property=\"og:type\" content=\"article\" \/>\n<meta property=\"og:title\" content=\"Yoga Ferienwoche Flims | Intensives Wochenende | Antonia Somm\" \/>\n<meta property=\"og:description\" content=\"Tauchen Sie ein in ein intensives Yoga-Wochenende in Flims. Tiefe Entspannung und Selbsterkenntnis in idyllischer Umgebung. mehrenergie\" \/>\n<meta property=\"og:url\" content=\"https:\/\/www.mehrenergie.ch\/index.php\/yoga-wochenende-in-flims\/\" \/>\n<meta property=\"og:site_name\" content=\"mehrenergie\" \/>\n<meta property=\"article:modified_time\" content=\"2024-10-21T08:44:22+00:00\" \/>\n<meta property=\"og:image\" content=\"https:\/\/www.mehrenergie.ch\/wp-content\/uploads\/2014\/12\/Bild-1.jpg\" \/>\n\t<meta property=\"og:image:width\" content=\"1024\" \/>\n\t<meta property=\"og:image:height\" content=\"680\" \/>\n\t<meta property=\"og:image:type\" content=\"image\/jpeg\" \/>\n<meta name=\"twitter:card\" content=\"summary_large_image\" \/>\n<meta name=\"twitter:label1\" content=\"Gesch\u00e4tzte Lesezeit\" \/>\n\t<meta name=\"twitter:data1\" content=\"4\u00a0Minuten\" \/>\n<script type=\"application\/ld+json\" class=\"yoast-schema-graph\">{\"@context\":\"https:\\\/\\\/schema.org\",\"@graph\":[{\"@type\":\"WebPage\",\"@id\":\"https:\\\/\\\/www.mehrenergie.ch\\\/index.php\\\/yoga-wochenende-in-flims\\\/\",\"url\":\"https:\\\/\\\/www.mehrenergie.ch\\\/index.php\\\/yoga-wochenende-in-flims\\\/\",\"name\":\"Yoga Ferienwoche Flims | Intensives Wochenende | Antonia Somm\",\"isPartOf\":{\"@id\":\"https:\\\/\\\/www.mehrenergie.ch\\\/#website\"},\"primaryImageOfPage\":{\"@id\":\"https:\\\/\\\/www.mehrenergie.ch\\\/index.php\\\/yoga-wochenende-in-flims\\\/#primaryimage\"},\"image\":{\"@id\":\"https:\\\/\\\/www.mehrenergie.ch\\\/index.php\\\/yoga-wochenende-in-flims\\\/#primaryimage\"},\"thumbnailUrl\":\"https:\\\/\\\/www.mehrenergie.ch\\\/wp-content\\\/uploads\\\/2014\\\/12\\\/Bild-1-150x150.jpg\",\"datePublished\":\"2014-12-16T11:42:17+00:00\",\"dateModified\":\"2024-10-21T08:44:22+00:00\",\"description\":\"Tauchen Sie ein in ein intensives Yoga-Wochenende in Flims. Tiefe Entspannung und Selbsterkenntnis in idyllischer Umgebung. mehrenergie\",\"breadcrumb\":{\"@id\":\"https:\\\/\\\/www.mehrenergie.ch\\\/index.php\\\/yoga-wochenende-in-flims\\\/#breadcrumb\"},\"inLanguage\":\"de\",\"potentialAction\":[{\"@type\":\"ReadAction\",\"target\":[\"https:\\\/\\\/www.mehrenergie.ch\\\/index.php\\\/yoga-wochenende-in-flims\\\/\"]}]},{\"@type\":\"ImageObject\",\"inLanguage\":\"de\",\"@id\":\"https:\\\/\\\/www.mehrenergie.ch\\\/index.php\\\/yoga-wochenende-in-flims\\\/#primaryimage\",\"url\":\"https:\\\/\\\/www.mehrenergie.ch\\\/wp-content\\\/uploads\\\/2014\\\/12\\\/Bild-1.jpg\",\"contentUrl\":\"https:\\\/\\\/www.mehrenergie.ch\\\/wp-content\\\/uploads\\\/2014\\\/12\\\/Bild-1.jpg\",\"width\":1024,\"height\":680},{\"@type\":\"BreadcrumbList\",\"@id\":\"https:\\\/\\\/www.mehrenergie.ch\\\/index.php\\\/yoga-wochenende-in-flims\\\/#breadcrumb\",\"itemListElement\":[{\"@type\":\"ListItem\",\"position\":1,\"name\":\"Startseite\",\"item\":\"https:\\\/\\\/www.mehrenergie.ch\\\/\"},{\"@type\":\"ListItem\",\"position\":2,\"name\":\"Yoga-Ferienwoche in Flims\"}]},{\"@type\":\"WebSite\",\"@id\":\"https:\\\/\\\/www.mehrenergie.ch\\\/#website\",\"url\":\"https:\\\/\\\/www.mehrenergie.ch\\\/\",\"name\":\"mehrenergie\",\"description\":\"Kurse und Einzelsitzungen f\u00fcr mehr Gesundheit und Wohlbefinden, mehr Lebensfreude und Kreativit\u00e4t.\",\"publisher\":{\"@id\":\"https:\\\/\\\/www.mehrenergie.ch\\\/#\\\/schema\\\/person\\\/dac14b4895dd5502226083a88d200b56\"},\"alternateName\":\"mehrenergie\",\"potentialAction\":[{\"@type\":\"SearchAction\",\"target\":{\"@type\":\"EntryPoint\",\"urlTemplate\":\"https:\\\/\\\/www.mehrenergie.ch\\\/?s={search_term_string}\"},\"query-input\":{\"@type\":\"PropertyValueSpecification\",\"valueRequired\":true,\"valueName\":\"search_term_string\"}}],\"inLanguage\":\"de\"},{\"@type\":[\"Person\",\"Organization\"],\"@id\":\"https:\\\/\\\/www.mehrenergie.ch\\\/#\\\/schema\\\/person\\\/dac14b4895dd5502226083a88d200b56\",\"name\":\"Antonia\",\"image\":{\"@type\":\"ImageObject\",\"inLanguage\":\"de\",\"@id\":\"https:\\\/\\\/www.mehrenergie.ch\\\/wp-content\\\/uploads\\\/2019\\\/08\\\/IMG_0738.jpeg\",\"url\":\"https:\\\/\\\/www.mehrenergie.ch\\\/wp-content\\\/uploads\\\/2019\\\/08\\\/IMG_0738.jpeg\",\"contentUrl\":\"https:\\\/\\\/www.mehrenergie.ch\\\/wp-content\\\/uploads\\\/2019\\\/08\\\/IMG_0738.jpeg\",\"width\":321,\"height\":232,\"caption\":\"Antonia\"},\"logo\":{\"@id\":\"https:\\\/\\\/www.mehrenergie.ch\\\/wp-content\\\/uploads\\\/2019\\\/08\\\/IMG_0738.jpeg\"},\"sameAs\":[\"https:\\\/\\\/mehrenergie.ch\"]}]}<\/script>\n<!-- \/ Yoast SEO plugin. -->","yoast_head_json":{"title":"Yoga Ferienwoche Flims | Intensives Wochenende | Antonia Somm","description":"Tauchen Sie ein in ein intensives Yoga-Wochenende in Flims. Tiefe Entspannung und Selbsterkenntnis in idyllischer Umgebung. mehrenergie","robots":{"index":"index","follow":"follow","max-snippet":"max-snippet:-1","max-image-preview":"max-image-preview:large","max-video-preview":"max-video-preview:-1"},"canonical":"https:\/\/www.mehrenergie.ch\/index.php\/yoga-wochenende-in-flims\/","og_locale":"de_DE","og_type":"article","og_title":"Yoga Ferienwoche Flims | Intensives Wochenende | Antonia Somm","og_description":"Tauchen Sie ein in ein intensives Yoga-Wochenende in Flims. Tiefe Entspannung und Selbsterkenntnis in idyllischer Umgebung. mehrenergie","og_url":"https:\/\/www.mehrenergie.ch\/index.php\/yoga-wochenende-in-flims\/","og_site_name":"mehrenergie","article_modified_time":"2024-10-21T08:44:22+00:00","og_image":[{"width":1024,"height":680,"url":"https:\/\/www.mehrenergie.ch\/wp-content\/uploads\/2014\/12\/Bild-1.jpg","type":"image\/jpeg"}],"twitter_card":"summary_large_image","twitter_misc":{"Gesch\u00e4tzte Lesezeit":"4\u00a0Minuten"},"schema":{"@context":"https:\/\/schema.org","@graph":[{"@type":"WebPage","@id":"https:\/\/www.mehrenergie.ch\/index.php\/yoga-wochenende-in-flims\/","url":"https:\/\/www.mehrenergie.ch\/index.php\/yoga-wochenende-in-flims\/","name":"Yoga Ferienwoche Flims | Intensives Wochenende | Antonia Somm","isPartOf":{"@id":"https:\/\/www.mehrenergie.ch\/#website"},"primaryImageOfPage":{"@id":"https:\/\/www.mehrenergie.ch\/index.php\/yoga-wochenende-in-flims\/#primaryimage"},"image":{"@id":"https:\/\/www.mehrenergie.ch\/index.php\/yoga-wochenende-in-flims\/#primaryimage"},"thumbnailUrl":"https:\/\/www.mehrenergie.ch\/wp-content\/uploads\/2014\/12\/Bild-1-150x150.jpg","datePublished":"2014-12-16T11:42:17+00:00","dateModified":"2024-10-21T08:44:22+00:00","description":"Tauchen Sie ein in ein intensives Yoga-Wochenende in Flims. Tiefe Entspannung und Selbsterkenntnis in idyllischer Umgebung. mehrenergie","breadcrumb":{"@id":"https:\/\/www.mehrenergie.ch\/index.php\/yoga-wochenende-in-flims\/#breadcrumb"},"inLanguage":"de","potentialAction":[{"@type":"ReadAction","target":["https:\/\/www.mehrenergie.ch\/index.php\/yoga-wochenende-in-flims\/"]}]},{"@type":"ImageObject","inLanguage":"de","@id":"https:\/\/www.mehrenergie.ch\/index.php\/yoga-wochenende-in-flims\/#primaryimage","url":"https:\/\/www.mehrenergie.ch\/wp-content\/uploads\/2014\/12\/Bild-1.jpg","contentUrl":"https:\/\/www.mehrenergie.ch\/wp-content\/uploads\/2014\/12\/Bild-1.jpg","width":1024,"height":680},{"@type":"BreadcrumbList","@id":"https:\/\/www.mehrenergie.ch\/index.php\/yoga-wochenende-in-flims\/#breadcrumb","itemListElement":[{"@type":"ListItem","position":1,"name":"Startseite","item":"https:\/\/www.mehrenergie.ch\/"},{"@type":"ListItem","position":2,"name":"Yoga-Ferienwoche in Flims"}]},{"@type":"WebSite","@id":"https:\/\/www.mehrenergie.ch\/#website","url":"https:\/\/www.mehrenergie.ch\/","name":"mehrenergie","description":"Kurse und Einzelsitzungen f\u00fcr mehr Gesundheit und Wohlbefinden, mehr Lebensfreude und Kreativit\u00e4t.","publisher":{"@id":"https:\/\/www.mehrenergie.ch\/#\/schema\/person\/dac14b4895dd5502226083a88d200b56"},"alternateName":"mehrenergie","potentialAction":[{"@type":"SearchAction","target":{"@type":"EntryPoint","urlTemplate":"https:\/\/www.mehrenergie.ch\/?s={search_term_string}"},"query-input":{"@type":"PropertyValueSpecification","valueRequired":true,"valueName":"search_term_string"}}],"inLanguage":"de"},{"@type":["Person","Organization"],"@id":"https:\/\/www.mehrenergie.ch\/#\/schema\/person\/dac14b4895dd5502226083a88d200b56","name":"Antonia","image":{"@type":"ImageObject","inLanguage":"de","@id":"https:\/\/www.mehrenergie.ch\/wp-content\/uploads\/2019\/08\/IMG_0738.jpeg","url":"https:\/\/www.mehrenergie.ch\/wp-content\/uploads\/2019\/08\/IMG_0738.jpeg","contentUrl":"https:\/\/www.mehrenergie.ch\/wp-content\/uploads\/2019\/08\/IMG_0738.jpeg","width":321,"height":232,"caption":"Antonia"},"logo":{"@id":"https:\/\/www.mehrenergie.ch\/wp-content\/uploads\/2019\/08\/IMG_0738.jpeg"},"sameAs":["https:\/\/mehrenergie.ch"]}]}},"_links":{"self":[{"href":"https:\/\/www.mehrenergie.ch\/index.php\/wp-json\/wp\/v2\/pages\/1080","targetHints":{"allow":["GET"]}}],"collection":[{"href":"https:\/\/www.mehrenergie.ch\/index.php\/wp-json\/wp\/v2\/pages"}],"about":[{"href":"https:\/\/www.mehrenergie.ch\/index.php\/wp-json\/wp\/v2\/types\/page"}],"author":[{"embeddable":true,"href":"https:\/\/www.mehrenergie.ch\/index.php\/wp-json\/wp\/v2\/users\/1"}],"replies":[{"embeddable":true,"href":"https:\/\/www.mehrenergie.ch\/index.php\/wp-json\/wp\/v2\/comments?post=1080"}],"version-history":[{"count":0,"href":"https:\/\/www.mehrenergie.ch\/index.php\/wp-json\/wp\/v2\/pages\/1080\/revisions"}],"wp:attachment":[{"href":"https:\/\/www.mehrenergie.ch\/index.php\/wp-json\/wp\/v2\/media?parent=1080"}],"curies":[{"name":"wp","href":"https:\/\/api.w.org\/{rel}","templated":true}]}}